{"version":"1.0","provider_name":"Viladecans Changemakers","provider_url":"https:\/\/busquemchangemakers.cviladecans.cat\/es\/","author_name":"suport","author_url":"https:\/\/busquemchangemakers.cviladecans.cat\/es\/author\/suport\/","title":"\u00bfLos j\u00f3venes nunca caminan? - Viladecans Changemakers","type":"rich","width":600,"height":338,"html":"<blockquote class=\"wp-embedded-content\" data-secret=\"agHdeXgSW3\"><a href=\"https:\/\/busquemchangemakers.cviladecans.cat\/es\/episodi\/els-joves-mai-caminen\/\">\u00bfLos j\u00f3venes nunca caminan?<\/a><\/blockquote><iframe sandbox=\"allow-scripts\" security=\"restricted\" src=\"https:\/\/busquemchangemakers.cviladecans.cat\/es\/episodi\/els-joves-mai-caminen\/embed\/#?secret=agHdeXgSW3\" width=\"600\" height=\"338\" title=\"\u00ab\u00bfLos j\u00f3venes nunca caminan?\u00bb \u2014 Viladecans Changemakers\" data-secret=\"agHdeXgSW3\" frameborder=\"0\" marginwidth=\"0\" marginheight=\"0\" scrolling=\"no\" class=\"wp-embedded-content\"><\/iframe><script type=\"text\/javascript\">\n\/* <![CDATA[ *\/\n\/*! This file is auto-generated *\/\n!function(d,l){\"use strict\";l.querySelector&&d.addEventListener&&\"undefined\"!=typeof URL&&(d.wp=d.wp||{},d.wp.receiveEmbedMessage||(d.wp.receiveEmbedMessage=function(e){var t=e.data;if((t||t.secret||t.message||t.value)&&!\/[^a-zA-Z0-9]\/.test(t.secret)){for(var s,r,n,a=l.querySelectorAll('iframe[data-secret=\"'+t.secret+'\"]'),o=l.querySelectorAll('blockquote[data-secret=\"'+t.secret+'\"]'),c=new RegExp(\"^https?:$\",\"i\"),i=0;i<o.length;i++)o[i].style.display=\"none\";for(i=0;i<a.length;i++)s=a[i],e.source===s.contentWindow&&(s.removeAttribute(\"style\"),\"height\"===t.message?(1e3<(r=parseInt(t.value,10))?r=1e3:~~r<200&&(r=200),s.height=r):\"link\"===t.message&&(r=new URL(s.getAttribute(\"src\")),n=new URL(t.value),c.test(n.protocol))&&n.host===r.host&&l.activeElement===s&&(d.top.location.href=t.value))}},d.addEventListener(\"message\",d.wp.receiveEmbedMessage,!1),l.addEventListener(\"DOMContentLoaded\",function(){for(var e,t,s=l.querySelectorAll(\"iframe.wp-embedded-content\"),r=0;r<s.length;r++)(t=(e=s[r]).getAttribute(\"data-secret\"))||(t=Math.random().toString(36).substring(2,12),e.src+=\"#?secret=\"+t,e.setAttribute(\"data-secret\",t)),e.contentWindow.postMessage({message:\"ready\",secret:t},\"*\")},!1)))}(window,document);\n\/\/# sourceURL=https:\/\/busquemchangemakers.cviladecans.cat\/wp-includes\/js\/wp-embed.min.js\n\/* ]]> *\/\n<\/script>\n","thumbnail_url":"https:\/\/busquemchangemakers.cviladecans.cat\/wp-content\/uploads\/2022\/08\/2-scaled.jpg","thumbnail_width":2560,"thumbnail_height":1707,"description":"En el segundo episodio se discute sobre la movilidad sostenible e inclusiva y la reducci\u00f3n de emisiones nocivas pensadas para reducir los efectos negativos del medio ambiente. Viladecans propone promover sistemas de transporte seguros, asequibles, accesibles y sostenibles para el a\u00f1o 2030. \u00bfQu\u00e9 utilizan para desplazarse a los j\u00f3venes de Viladecans? Desc\u00fabrelo en el v\u00eddeo-podcast."}